{"id":804,"date":"2024-02-12T08:24:53","date_gmt":"2024-02-12T07:24:53","guid":{"rendered":"https:\/\/www.timework-france.eu\/?page_id=804"},"modified":"2024-02-12T08:31:48","modified_gmt":"2024-02-12T07:31:48","slug":"information-sur-le-traitement-de-donnees","status":"publish","type":"page","link":"https:\/\/www.timework-france.eu\/index.php\/information-sur-le-traitement-de-donnees\/","title":{"rendered":"Information sur le traitement de donn\u00e9es"},"content":{"rendered":"<p>[et_pb_section fb_built=\u00a0\u00bb1&Prime; custom_padding_last_edited=\u00a0\u00bboff|desktop\u00a0\u00bb admin_label=\u00a0\u00bbHeader\u00a0\u00bb _builder_version=\u00a0\u00bb4.24.0&Prime; use_background_color_gradient=\u00a0\u00bbon\u00a0\u00bb background_color_gradient_direction=\u00a0\u00bb270deg\u00a0\u00bb background_color_gradient_stops=\u00a0\u00bbrgba(43,135,218,0.8) 54%|#1374b8 62%\u00a0\u00bb background_color_gradient_overlays_image=\u00a0\u00bbon\u00a0\u00bb background_color_gradient_start=\u00a0\u00bbrgba(252,197,111,0.88)\u00a0\u00bb background_color_gradient_start_position=\u00a0\u00bb50%\u00a0\u00bb background_color_gradient_end=\u00a0\u00bbrgba(0,0,0,0)\u00a0\u00bb background_color_gradient_end_position=\u00a0\u00bb0%\u00a0\u00bb background_image=\u00a0\u00bbhttps:\/\/www.timework-france.eu\/wp-content\/uploads\/2024\/01\/entretien-agence-choisissez-methode-cv-pour-concepts-embauche-recrutement-internet-scaled.jpg\u00a0\u00bb background_position=\u00a0\u00bbtop_center\u00a0\u00bb background_vertical_offset=\u00a0\u00bb17%\u00a0\u00bb custom_padding=\u00a0\u00bb8vw||8vw||false|false\u00a0\u00bb custom_padding_tablet=\u00a0\u00bb||||false|false\u00a0\u00bb custom_padding_phone=\u00a0\u00bb||||false|false\u00a0\u00bb hover_enabled=\u00a0\u00bb0&Prime; locked=\u00a0\u00bboff\u00a0\u00bb global_colors_info=\u00a0\u00bb{}\u00a0\u00bb title_text=\u00a0\u00bbAgency interview pick a resume method for job hiring and interne\u00a0\u00bb sticky_enabled=\u00a0\u00bb0&Prime;][et_pb_row make_equal=\u00a0\u00bbon\u00a0\u00bb _builder_version=\u00a0\u00bb4.24.0&Prime; max_width=\u00a0\u00bb1200px\u00a0\u00bb custom_padding=\u00a0\u00bb4%|0%|0px|4%|false|false\u00a0\u00bb border_color_all=\u00a0\u00bb#16252D\u00a0\u00bb border_width_bottom=\u00a0\u00bb8px\u00a0\u00bb border_color_bottom=\u00a0\u00bb#ffffff\u00a0\u00bb border_width_left=\u00a0\u00bb8px\u00a0\u00bb border_color_left=\u00a0\u00bb#ffffff\u00a0\u00bb locked=\u00a0\u00bboff\u00a0\u00bb global_colors_info=\u00a0\u00bb{}\u00a0\u00bb][et_pb_column type=\u00a0\u00bb4_4&Prime; _builder_version=\u00a0\u00bb4.16&Prime; custom_padding=\u00a0\u00bb||4%||false|false\u00a0\u00bb global_colors_info=\u00a0\u00bb{}\u00a0\u00bb][et_pb_text _builder_version=\u00a0\u00bb4.24.0&Prime; header_font=\u00a0\u00bbHeebo|900||on|||||\u00a0\u00bb header_font_size=\u00a0\u00bb60px\u00a0\u00bb header_letter_spacing=\u00a0\u00bb2px\u00a0\u00bb header_line_height=\u00a0\u00bb1.2em\u00a0\u00bb background_layout=\u00a0\u00bbdark\u00a0\u00bb width=\u00a0\u00bb100%\u00a0\u00bb header_font_size_tablet=\u00a0\u00bb40px\u00a0\u00bb header_font_size_phone=\u00a0\u00bb24px\u00a0\u00bb header_font_size_last_edited=\u00a0\u00bbon|phone\u00a0\u00bb locked=\u00a0\u00bboff\u00a0\u00bb global_colors_info=\u00a0\u00bb{}\u00a0\u00bb]<\/p>\n<h1>traitement de donn\u00e9e<\/h1>\n<p>[\/et_pb_text][\/et_pb_column][\/et_pb_row][\/et_pb_section][et_pb_section fb_built=\u00a0\u00bb1&Prime; admin_label=\u00a0\u00bbFeatures\u00a0\u00bb _builder_version=\u00a0\u00bb4.24.0&Prime; background_color=\u00a0\u00bb#222119&Prime; locked=\u00a0\u00bboff\u00a0\u00bb global_colors_info=\u00a0\u00bb{}\u00a0\u00bb][et_pb_row use_custom_gutter=\u00a0\u00bbon\u00a0\u00bb gutter_width=\u00a0\u00bb2&Prime; _builder_version=\u00a0\u00bb4.24.0&Prime; width=\u00a0\u00bb90%\u00a0\u00bb max_width=\u00a0\u00bb73%\u00a0\u00bb custom_margin=\u00a0\u00bb-10vw||||false|false\u00a0\u00bb custom_padding=\u00a0\u00bb||0px|||\u00a0\u00bb global_colors_info=\u00a0\u00bb{}\u00a0\u00bb][et_pb_column type=\u00a0\u00bb4_4&Prime; _builder_version=\u00a0\u00bb4.16&Prime; background_color=\u00a0\u00bb#f4f4f5&Prime; custom_padding=\u00a0\u00bb30px|30px|30px|30px|true|true\u00a0\u00bb custom_padding_tablet=\u00a0\u00bb30px|30px|30px|30px|true|true\u00a0\u00bb custom_padding_phone=\u00a0\u00bb20px|20px|20px|20px|true|true\u00a0\u00bb custom_padding_last_edited=\u00a0\u00bbon|phone\u00a0\u00bb global_colors_info=\u00a0\u00bb{}\u00a0\u00bb][et_pb_text _builder_version=\u00a0\u00bb4.24.0&Prime; _module_preset=\u00a0\u00bbdefault\u00a0\u00bb text_font_size=\u00a0\u00bb61px\u00a0\u00bb text_line_height=\u00a0\u00bb0.4em\u00a0\u00bb header_3_text_color=\u00a0\u00bb#094c9a\u00a0\u00bb header_3_font_size=\u00a0\u00bb70px\u00a0\u00bb header_4_font=\u00a0\u00bb|300|||||||\u00a0\u00bb header_4_text_color=\u00a0\u00bb#094c9a\u00a0\u00bb header_4_font_size=\u00a0\u00bb30px\u00a0\u00bb header_4_line_height=\u00a0\u00bb1.7em\u00a0\u00bb text_orientation=\u00a0\u00bbcenter\u00a0\u00bb custom_margin=\u00a0\u00bb30px||30px||true|false\u00a0\u00bb global_colors_info=\u00a0\u00bb{}\u00a0\u00bb]<\/p>\n<h4 style=\"text-align: center;\">Information sur le traitement de donn\u00e9es \u00e0 caract\u00e8re personnel des candidats, salari\u00e9s <br \/>int\u00e9rimaires et salari\u00e9s permanents.<\/h4>\n<p>[\/et_pb_text][\/et_pb_column][\/et_pb_row][\/et_pb_section][et_pb_section fb_built=\u00a0\u00bb1&Prime; _builder_version=\u00a0\u00bb4.24.0&Prime; _module_preset=\u00a0\u00bbdefault\u00a0\u00bb background_color=\u00a0\u00bb#222119&Prime; global_colors_info=\u00a0\u00bb{}\u00a0\u00bb][et_pb_row make_equal=\u00a0\u00bbon\u00a0\u00bb _builder_version=\u00a0\u00bb4.24.0&Prime; _module_preset=\u00a0\u00bbdefault\u00a0\u00bb vertical_offset=\u00a0\u00bb-90px\u00a0\u00bb z_index=\u00a0\u00bb500&Prime; max_width=\u00a0\u00bb50%\u00a0\u00bb module_alignment=\u00a0\u00bbcenter\u00a0\u00bb custom_margin=\u00a0\u00bb-10px||||false|false\u00a0\u00bb custom_padding=\u00a0\u00bb0px|||||\u00a0\u00bb global_colors_info=\u00a0\u00bb{}\u00a0\u00bb][et_pb_column type=\u00a0\u00bb4_4&Prime; _builder_version=\u00a0\u00bb4.24.0&Prime; _module_preset=\u00a0\u00bbdefault\u00a0\u00bb global_colors_info=\u00a0\u00bb{}\u00a0\u00bb][et_pb_text _builder_version=\u00a0\u00bb4.24.0&Prime; _module_preset=\u00a0\u00bbdefault\u00a0\u00bb text_font=\u00a0\u00bb|300|||||||\u00a0\u00bb text_text_color=\u00a0\u00bb#FFFFFF\u00a0\u00bb text_font_size=\u00a0\u00bb18px\u00a0\u00bb text_line_height=\u00a0\u00bb1.1em\u00a0\u00bb width=\u00a0\u00bb100%\u00a0\u00bb max_width=\u00a0\u00bb100%\u00a0\u00bb module_alignment=\u00a0\u00bbcenter\u00a0\u00bb custom_margin=\u00a0\u00bb||0px||false|false\u00a0\u00bb custom_padding=\u00a0\u00bb95px|||||\u00a0\u00bb global_colors_info=\u00a0\u00bb{}\u00a0\u00bb]<\/p>\n<p>&nbsp;<\/p>\n<p>Le responsable du traitement de vos donn\u00e9es est TIMEWORK FRANCE, immatricul\u00e9e au Registre du<br \/>Commerce et des Soci\u00e9t\u00e9s de Saverne sous le num\u00e9ro 809879976, dont le si\u00e8ge social est sis au Route de<br \/>Molsheim 67870 BISCHOFFSHEIM.<\/p>\n<p>Vos donn\u00e9es \u00e0 caract\u00e8re personnel sont recueillies par TIMEWORK FRANCE lors de votre candidature,<br \/>pendant le processus de recrutement et, en fin de mission, par plusieurs biais, et notamment lors d\u2019\u00e9changes<br \/>oraux et\/ou \u00e9crits, de formulaires, de questionnaires, de cookies et aupr\u00e8s de tiers Clients \u2013 Urssaf \u2013<br \/>Int\u00e9rimairessant\u00e9 \u2013 R\u00e9unica &#8211; etc.<\/p>\n<p>Les finalit\u00e9s poursuivies par ce traitement sont : l\u2019appr\u00e9ciation de votre capacit\u00e9 \u00e0 occuper l\u2019emploi propos\u00e9 ou<br \/>vos aptitudes professionnelles et le respect par TIMEWORK FRANCE de ses obligations l\u00e9gales,<br \/>conventionnelles et r\u00e9glementaires, afin notamment de g\u00e9rer les candidatures et le personnel, \u00e9tablir le contrat<br \/>de mission, les bulletins de salaire, les d\u00e9clarations sociales qui en d\u00e9coulent et les paiements correspondants,<br \/>disposer et fournir des renseignements n\u00e9cessaires \u00e0 votre s\u00e9lection en vue d\u2019un placement ou d\u2019une proposition<br \/>de mission et pour \u00e9changer avec vous, etc.<\/p>\n<p>Lors de votre candidature, l\u2019ensemble des donn\u00e9es requises sur le formulaire d\u2019inscription sont, sauf mention<br \/>contraire, n\u00e9cessaires \u00e0 la validation de votre candidature et \u00e0 appr\u00e9ciation de vos aptitudes professionnelles<br \/>pour occuper l\u2019emploi propos\u00e9.<\/p>\n<p>Aux fins pr\u00e9cit\u00e9es, TIMEWORK FRANCE est susceptible de traiter des donn\u00e9es d\u2019identification, d\u2019ordre<br \/>\u00e9conomique et financier, de sant\u00e9, votre num\u00e9ro de s\u00e9curit\u00e9 sociale et des informations personnelles et<br \/>professionnelles, ainsi que votre extrait B3 de votre casier judiciaire pour un poste sp\u00e9cifique et r\u00e9glement\u00e9.<br \/>Les donn\u00e9es vous concernant sont conserv\u00e9es pendant une dur\u00e9e de deux ans max \u00e0 compter du dernier contact<br \/>s\u2019agissant des donn\u00e9es de candidats pendant la phase de recrutement et de cinq ans max \u00e0 compter de la derni\u00e8re<br \/>paie pour les donn\u00e9es des salari\u00e9s, \u00e0 l\u2019issue de laquelle lesdites donn\u00e9es seront d\u00e9truites ou anonymis\u00e9es.<br \/>Vos donn\u00e9es sont susceptibles d\u2019\u00eatre transf\u00e9r\u00e9es, pour les finalit\u00e9s pr\u00e9cit\u00e9es, \u00e0 des tiers ou sous-traitants (par<br \/>exemple : URSSAF, CAF, \u00e9diteur de logiciel&#8230;), situ\u00e9s dans l\u2019Union Europ\u00e9enne.<\/p>\n<p>TIMEWORK FRANCE a pris les mesures de s\u00e9curit\u00e9, de confidentialit\u00e9 et d\u2019int\u00e9grit\u00e9 n\u00e9cessaires pour le<br \/>transfert de vos donn\u00e9es personnelles.<\/p>\n<p>Vous pouvez exercer aupr\u00e8s de TIMEWORK FRANCE votre droit d\u2019opposition \u00e0 l\u2019utilisation de vos donn\u00e9es \u00e0<br \/>caract\u00e8re personnel, sous r\u00e9serve de justifier d\u2019un motif l\u00e9gitime. Vous pouvez \u00e9galement exercer aupr\u00e8s de<br \/>TIMEWORK FRANCE vos droits d\u2019acc\u00e8s, de rectification et de suppression des donn\u00e9es \u00e0 caract\u00e8re personnel<br \/>vous concernant et votre droit de d\u00e9finir, modifier et r\u00e9voquer \u00e0 tout moment des directives relatives \u00e0 la<br \/>conservation, \u00e0 l\u2019effacement et \u00e0 la communication de vos donn\u00e9es apr\u00e8s votre mort.<\/p>\n<p>Tous ces droits peuvent<br \/>\u00eatre exerc\u00e9s en \u00e9crivant \u00e0 l\u2019adresse postale<\/p>\n<p>TIMEWORK FRANCE \u2013 Route de Molsheim 67870<br \/>BISCHOFFSHEIM.<\/p>\n<p>ou en \u00e9crivant \u00e0 l\u2019adresse \u00e9lectronique <a href=\"strasbourg@timework-emploi.fr\">strasbourg@timework-emploi.fr<\/a> et en justifiant de<br \/>votre identit\u00e9 (nom, pr\u00e9nom, adresse, num\u00e9ro d\u2019identification, copie d\u2019un justificatif d\u2019identit\u00e9).<\/p>\n<p>[\/et_pb_text][\/et_pb_column][\/et_pb_row][\/et_pb_section]<\/p>\n","protected":false},"excerpt":{"rendered":"<p>traitement de donn\u00e9eInformation sur le traitement de donn\u00e9es \u00e0 caract\u00e8re personnel des candidats, salari\u00e9s int\u00e9rimaires et salari\u00e9s permanents.&nbsp; Le responsable du traitement de vos donn\u00e9es est TIMEWORK FRANCE, immatricul\u00e9e au Registre duCommerce et des Soci\u00e9t\u00e9s de Saverne sous le num\u00e9ro 809879976, dont le si\u00e8ge social est sis au Route deMolsheim 67870 BISCHOFFSHEIM. Vos donn\u00e9es \u00e0 caract\u00e8re personnel sont recueillies par TIMEWORK FRANCE lors de votre candidature,pendant le processus de recrutement et, en fin de mission, par plusieurs biais, et notamment lors d\u2019\u00e9changesoraux et\/ou \u00e9crits, de formulaires, de questionnaires, de cookies et aupr\u00e8s de tiers Clients \u2013 Urssaf \u2013Int\u00e9rimairessant\u00e9 \u2013 R\u00e9unica &#8211; etc. Les finalit\u00e9s poursuivies par ce traitement sont : l\u2019appr\u00e9ciation de votre capacit\u00e9 \u00e0 occuper l\u2019emploi propos\u00e9 ouvos aptitudes professionnelles et le respect par TIMEWORK FRANCE de ses obligations l\u00e9gales,conventionnelles et r\u00e9glementaires, afin notamment de g\u00e9rer les candidatures et le personnel, \u00e9tablir le contratde mission, les bulletins de salaire, les d\u00e9clarations sociales qui en d\u00e9coulent et les paiements correspondants,disposer et fournir des renseignements n\u00e9cessaires \u00e0 votre s\u00e9lection en vue d\u2019un placement ou d\u2019une propositionde mission et pour \u00e9changer avec vous, etc. Lors de votre candidature, l\u2019ensemble des donn\u00e9es requises sur le formulaire d\u2019inscription sont, sauf mentioncontraire, n\u00e9cessaires \u00e0 la [&hellip;]<\/p>\n","protected":false},"author":1,"featured_media":0,"parent":0,"menu_order":0,"comment_status":"closed","ping_status":"closed","template":"","meta":{"_acf_changed":false,"_et_pb_use_builder":"on","_et_pb_old_content":"","_et_gb_content_width":"","footnotes":""},"class_list":["post-804","page","type-page","status-publish","hentry"],"acf":[],"_links":{"self":[{"href":"https:\/\/www.timework-france.eu\/index.php\/wp-json\/wp\/v2\/pages\/804","targetHints":{"allow":["GET"]}}],"collection":[{"href":"https:\/\/www.timework-france.eu\/index.php\/wp-json\/wp\/v2\/pages"}],"about":[{"href":"https:\/\/www.timework-france.eu\/index.php\/wp-json\/wp\/v2\/types\/page"}],"author":[{"embeddable":true,"href":"https:\/\/www.timework-france.eu\/index.php\/wp-json\/wp\/v2\/users\/1"}],"replies":[{"embeddable":true,"href":"https:\/\/www.timework-france.eu\/index.php\/wp-json\/wp\/v2\/comments?post=804"}],"version-history":[{"count":0,"href":"https:\/\/www.timework-france.eu\/index.php\/wp-json\/wp\/v2\/pages\/804\/revisions"}],"wp:attachment":[{"href":"https:\/\/www.timework-france.eu\/index.php\/wp-json\/wp\/v2\/media?parent=804"}],"curies":[{"name":"wp","href":"https:\/\/api.w.org\/{rel}","templated":true}]}}